{"id":558,"date":"2021-03-24T03:10:10","date_gmt":"2021-03-24T02:10:10","guid":{"rendered":"https:\/\/www.gavias-theme.com\/wp\/kitecx\/donor-dashboard\/"},"modified":"2026-08-01T13:54:33","modified_gmt":"2026-08-01T11:54:33","slug":"our-mission","status":"publish","type":"page","link":"https:\/\/www.studiopierelli.it\/?page_id=558","title":{"rendered":"Chi siamo"},"content":{"rendered":"\t\t<div data-elementor-type=\"wp-page\" data-elementor-id=\"558\" class=\"elementor elementor-558\">\n\t\t\t\t\t\t\t\t\t<section class=\"elementor-section elementor-top-section elementor-element elementor-element-d994d0a elementor-section-boxed elementor-section-height-default elementor-section-height-default row-top\" data-id=\"d994d0a\" data-element_type=\"section\">\n\t\t\t\t\t\t<div class=\"elementor-container elementor-column-gap-default\">\n\t\t\t\t\t<div class=\"elementor-column elementor-col-33 elementor-top-column elementor-element elementor-element-0e8182c column-style-top\" data-id=\"0e8182c\" data-element_type=\"column\">\n\t\t\t<div class=\"elementor-widget-wrap elementor-element-populated\">\n\t\t\t\t\t\t\t\t<div class=\"elementor-element elementor-element-b947cfc elementor-widget elementor-widget-image\" data-id=\"b947cfc\" data-element_type=\"widget\" data-widget_type=\"image.default\">\n\t\t\t\t<div class=\"elementor-widget-container\">\n\t\t\t<style>\/*! elementor - v3.7.0 - 08-08-2022 *\/\n.elementor-widget-image{text-align:center}.elementor-widget-image a{display:inline-block}.elementor-widget-image a img[src$=\".svg\"]{width:48px}.elementor-widget-image img{vertical-align:middle;display:inline-block}<\/style>\t\t\t\t\t\t\t\t\t\t\t\t<img loading=\"lazy\" decoding=\"async\" width=\"900\" height=\"831\" src=\"https:\/\/www.studiopierelli.it\/wp-content\/uploads\/2022\/11\/cartina2-1024x946.png\" class=\"attachment-large size-large\" alt=\"\" srcset=\"https:\/\/www.studiopierelli.it\/wp-content\/uploads\/2022\/11\/cartina2-1024x946.png 1024w, https:\/\/www.studiopierelli.it\/wp-content\/uploads\/2022\/11\/cartina2-768x710.png 768w, https:\/\/www.studiopierelli.it\/wp-content\/uploads\/2022\/11\/cartina2-600x555.png 600w, https:\/\/www.studiopierelli.it\/wp-content\/uploads\/2022\/11\/cartina2.png 1360w\" sizes=\"auto, (max-width: 900px) 100vw, 900px\" \/>\t\t\t\t\t\t\t\t\t\t\t\t\t\t\t<\/div>\n\t\t\t\t<\/div>\n\t\t\t\t\t<\/div>\n\t\t<\/div>\n\t\t\t\t<div class=\"elementor-column elementor-col-66 elementor-top-column elementor-element elementor-element-5360090 column-style-top\" data-id=\"5360090\" data-element_type=\"column\">\n\t\t\t<div class=\"elementor-widget-wrap elementor-element-populated\">\n\t\t\t\t\t\t\t\t<div class=\"elementor-element elementor-element-236031d elementor-widget elementor-widget-gva-heading-block\" data-id=\"236031d\" data-element_type=\"widget\" data-widget_type=\"gva-heading-block.default\">\n\t\t\t\t<div class=\"elementor-widget-container\">\n\t\t\t<div class=\"gva-element-gva-heading-block gva-element\">   <div class=\"align-left style-1 widget gsc-heading box-align-left auto-responsive\">\r\n      <div class=\"content-inner\">\r\n         \r\n                  \r\n           \r\n         \r\n                     <h2 class=\"title\">\r\n               <span>Lo studio<\/span>\r\n            <\/h2>\r\n                  \r\n         \r\n      <\/div>\r\n   <\/div>\r\n<\/div>\t\t<\/div>\n\t\t\t\t<\/div>\n\t\t\t\t<div class=\"elementor-element elementor-element-03c8816 elementor-widget elementor-widget-text-editor\" data-id=\"03c8816\" data-element_type=\"widget\" data-widget_type=\"text-editor.default\">\n\t\t\t\t<div class=\"elementor-widget-container\">\n\t\t\t<style>\/*! elementor - v3.7.0 - 08-08-2022 *\/\n.elementor-widget-text-editor.elementor-drop-cap-view-stacked .elementor-drop-cap{background-color:#818a91;color:#fff}.elementor-widget-text-editor.elementor-drop-cap-view-framed .elementor-drop-cap{color:#818a91;border:3px solid;background-color:transparent}.elementor-widget-text-editor:not(.elementor-drop-cap-view-default) .elementor-drop-cap{margin-top:8px}.elementor-widget-text-editor:not(.elementor-drop-cap-view-default) .elementor-drop-cap-letter{width:1em;height:1em}.elementor-widget-text-editor .elementor-drop-cap{float:left;text-align:center;line-height:1;font-size:50px}.elementor-widget-text-editor .elementor-drop-cap-letter{display:inline-block}<\/style>\t\t\t\t<p>Lo Studio, fondato dal Dott. Pierelli Marco, amministratore certificato A.N.A.C.I., socio A.N.AMM.I. n. CE53,\u00a0 revisore contabile condominiale ed intermediatore immobiliare con oltre un decennio di esperienza nella gestione immobiliare, amministra e gestisce immobili e patrimoni immobiliari in Milano e provincia.<\/p>\t\t\t\t\t\t<\/div>\n\t\t\t\t<\/div>\n\t\t\t\t\t<\/div>\n\t\t<\/div>\n\t\t\t\t\t\t\t<\/div>\n\t\t<\/section>\n\t\t\t\t<section class=\"elementor-section elementor-top-section elementor-element elementor-element-d7261b4 elementor-section-boxed elementor-section-height-default elementor-section-height-default row-top\" data-id=\"d7261b4\" data-element_type=\"section\">\n\t\t\t\t\t\t<div class=\"elementor-container elementor-column-gap-default\">\n\t\t\t\t\t<div class=\"elementor-column elementor-col-66 elementor-top-column elementor-element elementor-element-1eaf929 order-2 order-xl-1 order-lg-1 column-style-top\" data-id=\"1eaf929\" data-element_type=\"column\">\n\t\t\t<div class=\"elementor-widget-wrap elementor-element-populated\">\n\t\t\t\t\t\t\t\t<div class=\"elementor-element elementor-element-ae16bfb elementor-widget elementor-widget-gva-heading-block\" data-id=\"ae16bfb\" data-element_type=\"widget\" data-widget_type=\"gva-heading-block.default\">\n\t\t\t\t<div class=\"elementor-widget-container\">\n\t\t\t<div class=\"gva-element-gva-heading-block gva-element\">   <div class=\"align-left style-1 widget gsc-heading box-align-left auto-responsive\">\r\n      <div class=\"content-inner\">\r\n         \r\n                  \r\n                     <div class=\"sub-title\"><span>le nostre<\/span><\/div>\r\n           \r\n         \r\n                     <h2 class=\"title\">\r\n               <span>competenze <\/span>\r\n            <\/h2>\r\n                  \r\n         \r\n      <\/div>\r\n   <\/div>\r\n<\/div>\t\t<\/div>\n\t\t\t\t<\/div>\n\t\t\t\t<div class=\"elementor-element elementor-element-516932b elementor-view-stacked elementor-position-left icon-box-left elementor-shape-circle elementor-mobile-position-top elementor-vertical-align-top elementor-widget elementor-widget-icon-box\" data-id=\"516932b\" data-element_type=\"widget\" data-widget_type=\"icon-box.default\">\n\t\t\t\t<div class=\"elementor-widget-container\">\n\t\t\t<link rel=\"stylesheet\" href=\"https:\/\/www.studiopierelli.it\/wp-content\/plugins\/elementor\/assets\/css\/widget-icon-box.min.css\">\t\t<div class=\"elementor-icon-box-wrapper\">\n\t\t\t\t\t\t<div class=\"elementor-icon-box-icon\">\n\t\t\t\t<span class=\"elementor-icon elementor-animation-\" >\n\t\t\t\t<i aria-hidden=\"true\" class=\" flaticon-check\"><\/i>\t\t\t\t<\/span>\n\t\t\t<\/div>\n\t\t\t\t\t\t<div class=\"elementor-icon-box-content\">\n\t\t\t\t<h3 class=\"elementor-icon-box-title\">\n\t\t\t\t\t<span  >\n\t\t\t\t\t\tGestioni patrimoniali immobiliari a 360\u00b0\t\t\t\t\t<\/span>\n\t\t\t\t<\/h3>\n\t\t\t\t\t\t\t\t\t<p class=\"elementor-icon-box-description\">\n\t\t\t\t\t\tAmministriamo immobili in Condominio secondo le pi\u00f9 recenti normative, garantendo assoluta professionalit\u00e0, competenza e trasparenza, grazie anche alla creazione di un sito web specificamente dedicato al Condominio. La pi\u00f9 che decennale esperienza  nel settore, ci permette inoltre di poterci affidare a professionisti, tecnici ed esperti in ogni area della gestione immobiliare, i cui rapporti consolidati negli anni, ne provano e garantiscono la profonda competenza.\t\t\t\t\t<\/p>\n\t\t\t\t\t\t\t<\/div>\n\t\t<\/div>\n\t\t\t\t<\/div>\n\t\t\t\t<\/div>\n\t\t\t\t<div class=\"elementor-element elementor-element-6d5e79f elementor-view-stacked elementor-position-left icon-box-left elementor-shape-circle elementor-mobile-position-top elementor-vertical-align-top elementor-widget elementor-widget-icon-box\" data-id=\"6d5e79f\" data-element_type=\"widget\" data-widget_type=\"icon-box.default\">\n\t\t\t\t<div class=\"elementor-widget-container\">\n\t\t\t\t\t<div class=\"elementor-icon-box-wrapper\">\n\t\t\t\t\t\t<div class=\"elementor-icon-box-icon\">\n\t\t\t\t<span class=\"elementor-icon elementor-animation-\" >\n\t\t\t\t<i aria-hidden=\"true\" class=\" flaticon-check\"><\/i>\t\t\t\t<\/span>\n\t\t\t<\/div>\n\t\t\t\t\t\t<div class=\"elementor-icon-box-content\">\n\t\t\t\t<h3 class=\"elementor-icon-box-title\">\n\t\t\t\t\t<span  >\n\t\t\t\t\t\tValutazioni immobiliari\t\t\t\t\t<\/span>\n\t\t\t\t<\/h3>\n\t\t\t\t\t\t\t\t\t<p class=\"elementor-icon-box-description\">\n\t\t\t\t\t\tLo Studio si occupa di valutazioni immobiliari (estimo) sia civili che industriali, gestione locazioni, affitti brevi e compravendite.\t\t\t\t\t<\/p>\n\t\t\t\t\t\t\t<\/div>\n\t\t<\/div>\n\t\t\t\t<\/div>\n\t\t\t\t<\/div>\n\t\t\t\t<div class=\"elementor-element elementor-element-24c05e7 elementor-view-stacked elementor-position-left elementor-shape-circle elementor-mobile-position-top elementor-vertical-align-top elementor-widget elementor-widget-icon-box\" data-id=\"24c05e7\" data-element_type=\"widget\" data-widget_type=\"icon-box.default\">\n\t\t\t\t<div class=\"elementor-widget-container\">\n\t\t\t\t\t<div class=\"elementor-icon-box-wrapper\">\n\t\t\t\t\t\t<div class=\"elementor-icon-box-icon\">\n\t\t\t\t<span class=\"elementor-icon elementor-animation-\" >\n\t\t\t\t<i aria-hidden=\"true\" class=\" flaticon-check\"><\/i>\t\t\t\t<\/span>\n\t\t\t<\/div>\n\t\t\t\t\t\t<div class=\"elementor-icon-box-content\">\n\t\t\t\t<h3 class=\"elementor-icon-box-title\">\n\t\t\t\t\t<span  >\n\t\t\t\t\t\tDue diligence immobiliare e Building management\t\t\t\t\t<\/span>\n\t\t\t\t<\/h3>\n\t\t\t\t\t\t\t\t\t<p class=\"elementor-icon-box-description\">\n\t\t\t\t\t\tSviluppiamo competenze nell\u2019ambito della Due diligence immobiliare e del Building management, trasformando la vecchia concezione dell\u2019Amministratore mero esecutore dei dettami di legge e del volere assembleare, in un professionista 4.0 in grado di sfruttare le pi\u00f9 recenti innovazioni tecnologiche, sviluppare la gestione con un occhio aziendalista per ci\u00f2 che riguarda la pura contabilit\u00e0 e con una visione prospettica, per ci\u00f2 che riguarda la gestione fisica del cliente Condominio.\t\t\t\t\t<\/p>\n\t\t\t\t\t\t\t<\/div>\n\t\t<\/div>\n\t\t\t\t<\/div>\n\t\t\t\t<\/div>\n\t\t\t\t<div class=\"elementor-element elementor-element-f365115 elementor-view-stacked elementor-position-left elementor-shape-circle elementor-mobile-position-top elementor-vertical-align-top elementor-widget elementor-widget-icon-box\" data-id=\"f365115\" data-element_type=\"widget\" data-widget_type=\"icon-box.default\">\n\t\t\t\t<div class=\"elementor-widget-container\">\n\t\t\t\t\t<div class=\"elementor-icon-box-wrapper\">\n\t\t\t\t\t\t<div class=\"elementor-icon-box-icon\">\n\t\t\t\t<span class=\"elementor-icon elementor-animation-\" >\n\t\t\t\t<i aria-hidden=\"true\" class=\" flaticon-check\"><\/i>\t\t\t\t<\/span>\n\t\t\t<\/div>\n\t\t\t\t\t\t<div class=\"elementor-icon-box-content\">\n\t\t\t\t<h3 class=\"elementor-icon-box-title\">\n\t\t\t\t\t<span  >\n\t\t\t\t\t\tRevisioni contabili condominiali\t\t\t\t\t<\/span>\n\t\t\t\t<\/h3>\n\t\t\t\t\t\t\t\t\t<p class=\"elementor-icon-box-description\">\n\t\t\t\t\t\tEffettuiamo revisioni contabili condominiali nei servizi offerti ai Condominii da noi gestiti e appena presi in carico e a tariffario, per clienti esterni.\t\t\t\t\t<\/p>\n\t\t\t\t\t\t\t<\/div>\n\t\t<\/div>\n\t\t\t\t<\/div>\n\t\t\t\t<\/div>\n\t\t\t\t\t<\/div>\n\t\t<\/div>\n\t\t\t\t<div class=\"elementor-column elementor-col-33 elementor-top-column elementor-element elementor-element-3de1c13 order-1 order-xl-2 order-lg-2 column-style-top\" data-id=\"3de1c13\" data-element_type=\"column\">\n\t\t\t<div class=\"elementor-widget-wrap elementor-element-populated\">\n\t\t\t\t\t\t\t\t<div class=\"elementor-element elementor-element-6fdd790 elementor-widget elementor-widget-image\" data-id=\"6fdd790\" data-element_type=\"widget\" data-widget_type=\"image.default\">\n\t\t\t\t<div class=\"elementor-widget-container\">\n\t\t\t\t\t\t\t\t\t\t\t\t\t\t\t<img loading=\"lazy\" decoding=\"async\" width=\"800\" height=\"655\" src=\"https:\/\/www.studiopierelli.it\/wp-content\/uploads\/2021\/04\/image-16-1.jpg\" class=\"attachment-full size-full\" alt=\"\" srcset=\"https:\/\/www.studiopierelli.it\/wp-content\/uploads\/2021\/04\/image-16-1.jpg 800w, https:\/\/www.studiopierelli.it\/wp-content\/uploads\/2021\/04\/image-16-1-600x491.jpg 600w, https:\/\/www.studiopierelli.it\/wp-content\/uploads\/2021\/04\/image-16-1-768x629.jpg 768w\" sizes=\"auto, (max-width: 800px) 100vw, 800px\" \/>\t\t\t\t\t\t\t\t\t\t\t\t\t\t\t<\/div>\n\t\t\t\t<\/div>\n\t\t\t\t\t<\/div>\n\t\t<\/div>\n\t\t\t\t\t\t\t<\/div>\n\t\t<\/section>\n\t\t\t\t<section class=\"elementor-section elementor-top-section elementor-element elementor-element-260e848c elementor-section-boxed elementor-section-height-default elementor-section-height-default row-top\" data-id=\"260e848c\" data-element_type=\"section\" data-settings=\"{&quot;background_background&quot;:&quot;classic&quot;}\">\n\t\t\t\t\t\t<div class=\"elementor-container elementor-column-gap-default\">\n\t\t\t\t\t<div class=\"elementor-column elementor-col-100 elementor-top-column elementor-element elementor-element-138d8ea8 column-style-top\" data-id=\"138d8ea8\" data-element_type=\"column\">\n\t\t\t<div class=\"elementor-widget-wrap elementor-element-populated\">\n\t\t\t\t\t\t\t\t<div class=\"elementor-element elementor-element-109357f7 elementor-widget elementor-widget-gva-testimonials-single\" data-id=\"109357f7\" data-element_type=\"widget\" data-widget_type=\"gva-testimonials-single.default\">\n\t\t\t\t<div class=\"elementor-widget-container\">\n\t\t\t<div class=\"gva-element-gva-testimonials-single gva-element\">   \r\n   <div class=\"gva-testimonial-single style-1\">\r\n      <div class=\"init-carousel-owl owl-carousel\" data-items=\"1\" data-items_lg=\"1\" data-items_md=\"1\" data-items_sm=\"1\" data-items_xs=\"1\" data-items_xx=\"1\" data-loop=\"0\" data-speed=\"800\" data-auto_play=\"0\" data-auto_play_speed=\"800\" data-auto_play_timeout=\"6000\" data-auto_play_hover=\"0\" data-navigation=\"0\" data-pagination=\"0\" data-mouse_drag=\"1\" data-touch_drag=\"1\" >   \r\n                                 <div class=\"item testimonial-item \">\r\n               <div class=\"testimonial-content clearfix\">\r\n                  \r\n                  <div class=\"testimonial-info\">\r\n                     <div class=\"testimonial-image\">\r\n                        <img decoding=\"async\" src=\"https:\/\/www.studiopierelli.it\/wp-content\/uploads\/2022\/11\/MP.jpg\" alt=\"Marco Pierelli\"\/>\r\n                        <span class=\"icon-quote\">\u201c<\/span>\r\n                     <\/div>\r\n                     <div class=\"testimonial-meta\">\r\n                        <h3 class=\"testimonial-name\">Marco Pierelli<\/h3>\r\n                                                   <div class=\"testimonial-job\">L'amministratore<\/div>\r\n                           \r\n                     <\/div>\r\n                  <\/div>\r\n                  \r\n                  <div class=\"testimonial-quote\">Il Dott. Pierelli opera nella gestione immobiliare da pi\u00f9 di un decennio; sviluppa la sua formazione inizialmente collaborando come assistente e tirocinante presso vari Studi nel campo dell\u2019amministrazione condominiale e gestione immobiliare e successivamente come Amministratore condominiale e immobiliare, conseguendo l\u2019abilitazione alla professione presso A.N.A.C.I. Milano.\n\nProsegue la sua carriera continuando a collaborare con diversi Studi del settore, amministrando ora direttamente parte del parco immobiliare gestito da questi e diventando responsabile in varie aree quali quelle assicurativa, contabile, interventistico\/tecnica, etc.; durante tutto il corso della carriera, prosegue costantemente con lo sviluppo, la formazione e l\u2019aggiornamento delle sue competenze, divenendo inoltre Dottore in economia ed entrando a far parte, in qualit\u00e0 di socio, dell'albo associativo A.N.AMM.I., associazione di categoria Nazional-Europea Amministratori d'immobili.\n\nDopo aver lavorato per anni come collaboratore, decide di aprire lo Studio Pierelli, per poter finalmente operare unicamente con la sua impronta e secondo la propria visione lavorativa.\n\n<\/div>\r\n\r\n               <\/div>\r\n            <\/div>\r\n               <\/div>\r\n   <\/div>\r\n\r\n<\/div>\t\t<\/div>\n\t\t\t\t<\/div>\n\t\t\t\t\t<\/div>\n\t\t<\/div>\n\t\t\t\t\t\t\t<\/div>\n\t\t<\/section>\n\t\t\t\t<section class=\"elementor-section elementor-top-section elementor-element elementor-element-8a69650 elementor-section-boxed elementor-section-height-default elementor-section-height-default row-top\" data-id=\"8a69650\" data-element_type=\"section\">\n\t\t\t\t\t\t<div class=\"elementor-container elementor-column-gap-default\">\n\t\t\t\t\t<div class=\"elementor-column elementor-col-100 elementor-top-column elementor-element elementor-element-4f8846d9 column-style-top\" data-id=\"4f8846d9\" data-element_type=\"column\">\n\t\t\t<div class=\"elementor-widget-wrap elementor-element-populated\">\n\t\t\t\t\t\t\t\t<section class=\"elementor-section elementor-inner-section elementor-element elementor-element-28551805 elementor-section-boxed elementor-section-height-default elementor-section-height-default row-top\" data-id=\"28551805\" data-element_type=\"section\">\n\t\t\t\t\t\t<div class=\"elementor-container elementor-column-gap-default\">\n\t\t\t\t\t<div class=\"elementor-column elementor-col-100 elementor-inner-column elementor-element elementor-element-64bf491a column-style-top\" data-id=\"64bf491a\" data-element_type=\"column\">\n\t\t\t<div class=\"elementor-widget-wrap elementor-element-populated\">\n\t\t\t\t\t\t\t\t<div class=\"elementor-element elementor-element-4bae89f8 elementor-widget elementor-widget-gva-heading-block\" data-id=\"4bae89f8\" data-element_type=\"widget\" data-widget_type=\"gva-heading-block.default\">\n\t\t\t\t<div class=\"elementor-widget-container\">\n\t\t\t<div class=\"gva-element-gva-heading-block gva-element\">   <div class=\"align-center style-1 widget gsc-heading box-align-left auto-responsive\">\r\n      <div class=\"content-inner\">\r\n         \r\n                  \r\n                     <div class=\"sub-title\"><span>3 semplici passi<\/span><\/div>\r\n           \r\n         \r\n                     <h2 class=\"title\">\r\n               <span>Come Lavoriamo<\/span>\r\n            <\/h2>\r\n                  \r\n         \r\n      <\/div>\r\n   <\/div>\r\n<\/div>\t\t<\/div>\n\t\t\t\t<\/div>\n\t\t\t\t\t<\/div>\n\t\t<\/div>\n\t\t\t\t\t\t\t<\/div>\n\t\t<\/section>\n\t\t\t\t<section class=\"elementor-section elementor-inner-section elementor-element elementor-element-4e855d32 elementor-section-boxed elementor-section-height-default elementor-section-height-default row-top\" data-id=\"4e855d32\" data-element_type=\"section\">\n\t\t\t\t\t\t<div class=\"elementor-container elementor-column-gap-default\">\n\t\t\t\t\t<div class=\"elementor-column elementor-col-33 elementor-inner-column elementor-element elementor-element-64df577 column-style-top\" data-id=\"64df577\" data-element_type=\"column\">\n\t\t\t<div class=\"elementor-widget-wrap elementor-element-populated\">\n\t\t\t\t\t\t\t\t<div class=\"elementor-element elementor-element-57e54cef elementor-widget elementor-widget-gva-icon-box-styles\" data-id=\"57e54cef\" data-element_type=\"widget\" data-widget_type=\"gva-icon-box-styles.default\">\n\t\t\t\t<div class=\"elementor-widget-container\">\n\t\t\t<div class=\"gva-element-gva-icon-box-styles gva-element\">\r\n   \r\n\r\n      \r\n\r\n         <div class=\"widget gsc-icon-box-styles style-3 \">\r\n                     <div class=\"icon-inner\">\r\n                                 <span class=\"box-icon\">\r\n                     <span class=\"box-icon-inner\">\r\n                        <i aria-hidden=\"true\" class=\" flaticon-architect-4\"><\/i>                     <\/span>\r\n                     <span class=\"number\">01<\/span>                  <\/span>\r\n                                          <\/div>\r\n         \r\n         <div class=\"content-inner\">\r\n                           <h3 class=\"title\">\r\n                  Professionalit\u00e0               <\/h3>\r\n            \r\n                           <div class=\"desc\">Seguiamo ogni singolo cliente a 360\u00b0 ; dall'avvio della collaborazione fino alla naturale conclusione del rapporto.<\/div>\r\n                     <\/div>\r\n\r\n      <\/div> \r\n      \r\n\r\n    \r\n\r\n\r\n<\/div>\t\t<\/div>\n\t\t\t\t<\/div>\n\t\t\t\t\t<\/div>\n\t\t<\/div>\n\t\t\t\t<div class=\"elementor-column elementor-col-33 elementor-inner-column elementor-element elementor-element-75e80992 column-style-top\" data-id=\"75e80992\" data-element_type=\"column\">\n\t\t\t<div class=\"elementor-widget-wrap elementor-element-populated\">\n\t\t\t\t\t\t\t\t<div class=\"elementor-element elementor-element-78df77db elementor-widget elementor-widget-gva-icon-box-styles\" data-id=\"78df77db\" data-element_type=\"widget\" data-widget_type=\"gva-icon-box-styles.default\">\n\t\t\t\t<div class=\"elementor-widget-container\">\n\t\t\t<div class=\"gva-element-gva-icon-box-styles gva-element\">\r\n   \r\n\r\n      \r\n\r\n         <div class=\"widget gsc-icon-box-styles style-3 \">\r\n                     <div class=\"icon-inner\">\r\n                                 <span class=\"box-icon\">\r\n                     <span class=\"box-icon-inner\">\r\n                        <i aria-hidden=\"true\" class=\" flaticon-checklist\"><\/i>                     <\/span>\r\n                     <span class=\"number\">02<\/span>                  <\/span>\r\n                                          <\/div>\r\n         \r\n         <div class=\"content-inner\">\r\n                           <h3 class=\"title\">\r\n                  Competenza               <\/h3>\r\n            \r\n                           <div class=\"desc\">Costantemente aggiornati ed altamente specializzati in materia condominiale e immobiliare.<\/div>\r\n                     <\/div>\r\n\r\n      <\/div> \r\n      \r\n\r\n    \r\n\r\n\r\n<\/div>\t\t<\/div>\n\t\t\t\t<\/div>\n\t\t\t\t\t<\/div>\n\t\t<\/div>\n\t\t\t\t<div class=\"elementor-column elementor-col-33 elementor-inner-column elementor-element elementor-element-4f099fb8 column-style-top\" data-id=\"4f099fb8\" data-element_type=\"column\">\n\t\t\t<div class=\"elementor-widget-wrap elementor-element-populated\">\n\t\t\t\t\t\t\t\t<div class=\"elementor-element elementor-element-53f138e6 elementor-widget elementor-widget-gva-icon-box-styles\" data-id=\"53f138e6\" data-element_type=\"widget\" data-widget_type=\"gva-icon-box-styles.default\">\n\t\t\t\t<div class=\"elementor-widget-container\">\n\t\t\t<div class=\"gva-element-gva-icon-box-styles gva-element\">\r\n   \r\n\r\n      \r\n\r\n         <div class=\"widget gsc-icon-box-styles style-3 \">\r\n                     <div class=\"icon-inner\">\r\n                                 <span class=\"box-icon\">\r\n                     <span class=\"box-icon-inner\">\r\n                        <i aria-hidden=\"true\" class=\" flaticon-search\"><\/i>                     <\/span>\r\n                     <span class=\"number\">03<\/span>                  <\/span>\r\n                                          <\/div>\r\n         \r\n         <div class=\"content-inner\">\r\n                           <h3 class=\"title\">\r\n                  Trasparenza               <\/h3>\r\n            \r\n                           <div class=\"desc\">Sempre a disposizione del cliente; tutta la parte informativa, documentale e contabile \u00e8 pienamente accessibile , su richiesta.<\/div>\r\n                     <\/div>\r\n\r\n      <\/div> \r\n      \r\n\r\n    \r\n\r\n\r\n<\/div>\t\t<\/div>\n\t\t\t\t<\/div>\n\t\t\t\t\t<\/div>\n\t\t<\/div>\n\t\t\t\t\t\t\t<\/div>\n\t\t<\/section>\n\t\t\t\t\t<\/div>\n\t\t<\/div>\n\t\t\t\t\t\t\t<\/div>\n\t\t<\/section>\n\t\t\t\t\t\t\t<\/div>\n\t\t","protected":false},"excerpt":{"rendered":"<p>Lo studio Lo Studio, fondato dal Dott. Pierelli Marco, amministratore certificato A.N.A.C.I., socio A.N.AMM.I. n. CE53,\u00a0 revisore contabile condominiale ed intermediatore immobiliare con oltre un decennio di esperienza nella gestione [&hellip;]<\/p>\n","protected":false},"author":1,"featured_media":0,"parent":0,"menu_order":0,"comment_status":"closed","ping_status":"closed","template":"","meta":{"footnotes":""},"class_list":["post-558","page","type-page","status-publish","hentry"],"_links":{"self":[{"href":"https:\/\/www.studiopierelli.it\/index.php?rest_route=\/wp\/v2\/pages\/558","targetHints":{"allow":["GET"]}}],"collection":[{"href":"https:\/\/www.studiopierelli.it\/index.php?rest_route=\/wp\/v2\/pages"}],"about":[{"href":"https:\/\/www.studiopierelli.it\/index.php?rest_route=\/wp\/v2\/types\/page"}],"author":[{"embeddable":true,"href":"https:\/\/www.studiopierelli.it\/index.php?rest_route=\/wp\/v2\/users\/1"}],"replies":[{"embeddable":true,"href":"https:\/\/www.studiopierelli.it\/index.php?rest_route=%2Fwp%2Fv2%2Fcomments&post=558"}],"version-history":[{"count":61,"href":"https:\/\/www.studiopierelli.it\/index.php?rest_route=\/wp\/v2\/pages\/558\/revisions"}],"predecessor-version":[{"id":1504,"href":"https:\/\/www.studiopierelli.it\/index.php?rest_route=\/wp\/v2\/pages\/558\/revisions\/1504"}],"wp:attachment":[{"href":"https:\/\/www.studiopierelli.it\/index.php?rest_route=%2Fwp%2Fv2%2Fmedia&parent=558"}],"curies":[{"name":"wp","href":"https:\/\/api.w.org\/{rel}","templated":true}]}}